{"id":2735,"date":"2016-12-19T15:29:04","date_gmt":"2016-12-19T15:29:04","guid":{"rendered":"http:\/\/www.fortearena.com\/it\/?post_type=product&#038;p=2735"},"modified":"2017-03-10T16:51:29","modified_gmt":"2017-03-10T16:51:29","slug":"al-bano-romina-power-in-concerto","status":"publish","type":"product","link":"https:\/\/www.fortearena.com\/it\/calendario-spettacoli\/al-bano-romina-power-in-concerto\/","title":{"rendered":"Al Bano and Romina Power"},"content":{"rendered":"<div id='full_slider_1'  class='avia-fullwidth-slider main_color avia-shadow   avia-builder-el-0  el_before_av_submenu  avia-builder-el-first   container_wrap sidebar_right' style=' '  ><div   data-size='entry_without_sidebar'  data-lightbox_size='large'  data-animation='fade'  data-conditional_play=''  data-ids='2730'  data-video_counter='0'  data-autoplay='true'  data-bg_slider='false'  data-slide_height=''  data-handle='av_slideshow_full'  data-interval='5'  data-class=' '  data-el_id=''  data-css_id=''  data-scroll_down=''  data-control_layout='av-control-minimal'  data-custom_markup=''  data-perma_caption=''  data-autoplay_stopper=''  data-image_attachment=''  data-min_height='0px'  data-src=''  data-position='top left'  data-repeat='no-repeat'  data-attach='scroll'  data-stretch=''  data-default-height='34.95867768595'  class='avia-slideshow avia-slideshow-1  av-control-minimal av-default-height-applied avia-slideshow-entry_without_sidebar av_slideshow_full   avia-fade-slider '  itemprop=\"image\" itemscope=\"itemscope\" itemtype=\"https:\/\/schema.org\/ImageObject\" ><ul class='avia-slideshow-inner ' style='padding-bottom: 34.95867768595%;' ><li  class=' av-single-slide slide-1 ' ><div data-rel='slideshow-1' class='avia-slide-wrap '   ><div class = \"caption_fullwidth av-slideshow-caption caption_center\"><div class = \"container caption_container\"><div class = \"slideshow_caption\"><div class = \"slideshow_inner_caption\"><div class = \"slideshow_align_caption\"><h2  style='font-size:60px; ' class='avia-caption-title  '  itemprop=\"name\" >Al Bano and Romina Power<\/h2><div class='avia-caption-content  av_inherit_color'  itemprop=\"description\"   style='font-size:50px; '><p>Di nuovo insieme.<\/p>\n<\/div><\/div><\/div><\/div><\/div><\/div><img src='https:\/\/www.fortearena.com\/wp-content\/uploads\/2016\/12\/Forte-arena-events_2017_al-bano_romina-power_hero-1210x423.jpg' width='1210' height='423' title='Forte-arena-events_2017_al-bano_romina-power_hero' alt=''  itemprop=\"thumbnailUrl\"   \/><div class='av-section-color-overlay' style='opacity: 0.3; background-color: #000000; '><\/div><\/div><\/li><\/ul><\/div><\/div>\n<div class='clear'><\/div><div id='sub_menu1'  class='av-submenu-container main_color  avia-builder-el-1  el_after_av_slideshow_full  el_before_av_layout_row  av-sticky-submenu  submenu-not-first container_wrap sidebar_right' style='  z-index:301' ><div class='container av-menu-mobile-disabled '><ul id='av-custom-submenu-1' class='av-subnav-menu av-submenu-pos-center'>\n<li class='menu-item menu-item-top-level  menu-item-top-level-1'><a href='#location' ><span class='avia-bullet'><\/span><span class='avia-menu-text'>Location<\/span><\/a><\/li>\n<li class='menu-item menu-item-top-level  menu-item-top-level-2'><a href='#basics' ><span class='avia-bullet'><\/span><span class='avia-menu-text'>Book now<\/span><\/a><\/li>\n<\/ul><\/div><\/div><div class='sticky_placeholder'><\/div>\n<div id='basics'  class='av-layout-grid-container entry-content-wrapper main_color av-flex-cells     avia-builder-el-2  el_after_av_submenu  el_before_av_layout_row  submenu-not-first container_wrap sidebar_right' style=' '  >\n<div class=\"flex_cell no_margin av_one_half  avia-builder-el-3  el_before_av_cell_one_half  avia-builder-el-first   \"  style='vertical-align:middle; padding:50px; ' ><div class='flex_cell_inner' ><p><div class=\"flex_column av_one_half  flex_column_div av-zero-column-padding first  avia-builder-el-4  el_before_av_one_half  avia-builder-el-first  \" style='border-radius:0px; '><div  class='avia-icon-list-container   avia-builder-el-5  avia-builder-el-no-sibling '><ul class='avia-icon-list avia-icon-list-left av-iconlist-small avia_animate_when_almost_visible avia-iconlist-animate'>\n<li><div  class='iconlist_icon  avia-font-entypo-fontello'><span class='iconlist-char ' aria-hidden='true' data-av_icon='\ue862' data-av_iconfont='entypo-fontello'><\/span><\/div><article class=\"article-icon-entry \"  itemscope=\"itemscope\" itemtype=\"https:\/\/schema.org\/CreativeWork\" ><div class='iconlist_content_wrap'><header class=\"entry-content-header\"><div class='av_iconlist_title iconlist_title_small   '  itemprop=\"headline\"  >Date<\/div><\/header><div class='iconlist_content  '  itemprop=\"text\"  ><p>6 August\u00a02017<\/p>\n<\/div><\/div><footer class=\"entry-footer\"><\/footer><\/article><div class='iconlist-timeline'><\/div><\/li>\n<li><div  class='iconlist_icon  avia-font-entypo-fontello'><span class='iconlist-char ' aria-hidden='true' data-av_icon='\ue844' data-av_iconfont='entypo-fontello'><\/span><\/div><article class=\"article-icon-entry \"  itemscope=\"itemscope\" itemtype=\"https:\/\/schema.org\/CreativeWork\" ><div class='iconlist_content_wrap'><header class=\"entry-content-header\"><div class='av_iconlist_title iconlist_title_small   '  itemprop=\"headline\"  >Location<\/div><\/header><div class='iconlist_content  '  itemprop=\"text\"  ><p>Forte Arena,<\/p>\n<p>Strada Statale 195, Km 39,<\/p>\n<p>09010 Pula, Italy<\/p>\n<\/div><\/div><footer class=\"entry-footer\"><\/footer><\/article><div class='iconlist-timeline'><\/div><\/li>\n<\/ul><\/div><\/div><div class=\"flex_column av_one_half  flex_column_div av-zero-column-padding   avia-builder-el-6  el_after_av_one_half  avia-builder-el-last  \" style='border-radius:0px; '><div  class='avia-icon-list-container   avia-builder-el-7  avia-builder-el-no-sibling '><ul class='avia-icon-list avia-icon-list-left av-iconlist-small avia_animate_when_almost_visible avia-iconlist-animate'>\n<li><div  class='iconlist_icon  avia-font-entypo-fontello'><span class='iconlist-char ' aria-hidden='true' data-av_icon='\ue8cb' data-av_iconfont='entypo-fontello'><\/span><\/div><article class=\"article-icon-entry \"  itemscope=\"itemscope\" itemtype=\"https:\/\/schema.org\/CreativeWork\" ><div class='iconlist_content_wrap'><header class=\"entry-content-header\"><div class='av_iconlist_title iconlist_title_small   '  itemprop=\"headline\"  >Biglietti disponibili<\/div><\/header><div class='iconlist_content  '  itemprop=\"text\"  ><p><a href=\"https:\/\/www.boxol.it\/it\/event\/al-bano--romina-power-forte-arena-teatro-sotto-le-stelle-pula\/192142\" target=\"_blank\" rel=\"noopener\">Boxol &gt;<\/a><\/p>\n<p><a href=\"http:\/\/www.ticketone.it\/biglietti.html?affiliate=ITT&amp;doc=artistPages%2Ftickets&amp;fun=artist&amp;action=tickets&amp;key=1811809%249257880&amp;xtmc=forte_village&amp;xtnp=1&amp;xtcr=2\" target=\"_blank\" rel=\"noopener\">TicketOne &gt;<\/a><\/p>\n<\/div><\/div><footer class=\"entry-footer\"><\/footer><\/article><div class='iconlist-timeline'><\/div><\/li>\n<\/ul><\/div><\/div><\/p>\n<\/div><\/div><div class=\"flex_cell no_margin av_one_half  avia-builder-el-8  el_after_av_cell_one_half  avia-builder-el-last   \"  style='vertical-align:middle; padding:50px; background-color:#fcfcfc; ' ><div class='flex_cell_inner' ><p><section class=\"av_textblock_section \"  itemscope=\"itemscope\" itemtype=\"https:\/\/schema.org\/CreativeWork\" ><div class='avia_textblock  '   itemprop=\"text\" ><p>Di nuovo insieme.<\/p>\n<p>La coppia pi\u00f9 famosa della canzone italiana torna sulla scena.<\/p>\n<p>L\u2019emozione \u00e8 quella del pi\u00f9 grande Sanremo, da <em>Felicit\u00e0<\/em> a <em>Ci sar\u00e0<\/em>, fino a <em>Oggi sposi<\/em>. Come dire, campioni si resta.<\/p>\n<\/div><\/section><br \/>\n<div class=\"flex_column av_one_third  av-hide-on-mobile  flex_column_div av-zero-column-padding first  avia-builder-el-10  el_after_av_textblock  el_before_av_one_third  column-top-margin\" style='border-radius:0px; '><\/div><div class=\"flex_column av_one_third  flex_column_div av-zero-column-padding   avia-builder-el-11  el_after_av_one_third  el_before_av_one_third  column-top-margin\" style='border-radius:0px; '><div  class='avia-button-wrap avia-button-center  avia-builder-el-12  avia-builder-el-no-sibling ' ><a href='http:\/\/www.ticketone.it\/biglietti.html?affiliate=ITT&amp;doc=artistPages%2Ftickets&amp;fun=artist&amp;action=tickets&amp;key=1811809%249257880&amp;xtmc=forte_village&amp;xtnp=1&amp;xtcr=2' class='avia-button   avia-icon_select-yes-left-icon avia-color-aqua avia-size-large avia-position-center ' target=\"_blank\" rel=\"noopener\"><span class='avia_button_icon avia_button_icon_left ' aria-hidden='true' data-av_icon='\ue8cb' data-av_iconfont='entypo-fontello'><\/span><span class='avia_iconbox_title' >Acquista il biglietto su TicketOne!<\/span><\/a><\/div><\/div><div class=\"flex_column av_one_third  flex_column_div av-zero-column-padding   avia-builder-el-13  el_after_av_one_third  avia-builder-el-last  column-top-margin\" style='border-radius:0px; '><div  class='avia-button-wrap avia-button-center  avia-builder-el-14  avia-builder-el-no-sibling ' ><a href='https:\/\/www.boxol.it\/it\/event\/al-bano--romina-power-forte-arena-teatro-sotto-le-stelle-pula\/192142' class='avia-button   avia-icon_select-yes-left-icon avia-color-orange avia-size-large avia-position-center ' target=\"_blank\" rel=\"noopener\"><span class='avia_button_icon avia_button_icon_left ' aria-hidden='true' data-av_icon='\ue8cb' data-av_iconfont='entypo-fontello'><\/span><span class='avia_iconbox_title' >Acquista il biglietto su Boxol!<\/span><\/a><\/div><\/div><\/p>\n<\/div><\/div>\n<\/div>\n<div id='location'  class='av-layout-grid-container entry-content-wrapper main_color av-flex-cells     avia-builder-el-15  el_after_av_layout_row  avia-builder-el-last  submenu-not-first container_wrap sidebar_right' style=' '  >\n<div class=\"flex_cell no_margin av_one_full  avia-builder-el-16  avia-builder-el-no-sibling   av-zero-padding \"  style='vertical-align:top; padding:0px; ' ><div class='flex_cell_inner' >\n<\/div><\/div><\/div>\n","protected":false},"excerpt":{"rendered":"<p>6 Agosto 2017<\/p>\n","protected":false},"featured_media":2789,"comment_status":"closed","ping_status":"closed","template":"","meta":[],"product_cat":[101,156],"product_tag":[],"class_list":{"0":"post-2735","1":"product","2":"type-product","3":"status-publish","4":"has-post-thumbnail","6":"product_cat-concerti-it","7":"product_cat-past-event-it","9":"first","10":"instock","11":"shipping-taxable","12":"product-type-simple"},"yoast_head":"<!-- This site is optimized with the Yoast SEO plugin v23.0 - https:\/\/yoast.com\/wordpress\/plugins\/seo\/ -->\n<title>Al Bano and Romina Power - Forte Arena<\/title>\n<meta name=\"description\" content=\"The most famous couple of Italian song together again back on stage. The emotion is as strong as the largest &quot;San Remo&quot;, from &quot;Felicit\u00e0&quot; to &quot;Ci sar\u00e0&quot;.\" \/>\n<meta name=\"robots\" content=\"index, follow, max-snippet:-1, max-image-preview:large, max-video-preview:-1\" \/>\n<link rel=\"canonical\" href=\"https:\/\/www.fortearena.com\/it\/calendario-spettacoli\/al-bano-romina-power-in-concerto\/\" \/>\n<meta property=\"og:locale\" content=\"it_IT\" \/>\n<meta property=\"og:type\" content=\"article\" \/>\n<meta property=\"og:title\" content=\"Al Bano and Romina Power - Forte Arena\" \/>\n<meta property=\"og:description\" content=\"The most famous couple of Italian song together again back on stage. The emotion is as strong as the largest &quot;San Remo&quot;, from &quot;Felicit\u00e0&quot; to &quot;Ci sar\u00e0&quot;.\" \/>\n<meta property=\"og:url\" content=\"https:\/\/www.fortearena.com\/it\/calendario-spettacoli\/al-bano-romina-power-in-concerto\/\" \/>\n<meta property=\"og:site_name\" content=\"Forte Arena\" \/>\n<meta property=\"article:modified_time\" content=\"2017-03-10T16:51:29+00:00\" \/>\n<meta property=\"og:image\" content=\"http:\/\/www.fortearena.com\/wp-content\/uploads\/2016\/12\/Forte-arena-events_2017_al-bano_romina-power_thumb-1.jpg\" \/>\n\t<meta property=\"og:image:width\" content=\"600\" \/>\n\t<meta property=\"og:image:height\" content=\"600\" \/>\n\t<meta property=\"og:image:type\" content=\"image\/jpeg\" \/>\n<meta name=\"twitter:card\" content=\"summary_large_image\" \/>\n<meta name=\"twitter:label1\" content=\"Est. reading time\" \/>\n\t<meta name=\"twitter:data1\" content=\"5 minutes\" \/>\n<script type=\"application\/ld+json\" class=\"yoast-schema-graph\">{\"@context\":\"https:\/\/schema.org\",\"@graph\":[{\"@type\":\"WebPage\",\"@id\":\"https:\/\/www.fortearena.com\/it\/calendario-spettacoli\/al-bano-romina-power-in-concerto\/\",\"url\":\"https:\/\/www.fortearena.com\/it\/calendario-spettacoli\/al-bano-romina-power-in-concerto\/\",\"name\":\"Al Bano and Romina Power - Forte Arena\",\"isPartOf\":{\"@id\":\"https:\/\/www.fortearena.com\/it\/#website\"},\"primaryImageOfPage\":{\"@id\":\"https:\/\/www.fortearena.com\/it\/calendario-spettacoli\/al-bano-romina-power-in-concerto\/#primaryimage\"},\"image\":{\"@id\":\"https:\/\/www.fortearena.com\/it\/calendario-spettacoli\/al-bano-romina-power-in-concerto\/#primaryimage\"},\"thumbnailUrl\":\"https:\/\/www.fortearena.com\/wp-content\/uploads\/2016\/12\/Forte-arena-events_2017_al-bano_romina-power_thumb-1.jpg\",\"datePublished\":\"2016-12-19T15:29:04+00:00\",\"dateModified\":\"2017-03-10T16:51:29+00:00\",\"description\":\"The most famous couple of Italian song together again back on stage. The emotion is as strong as the largest \\\"San Remo\\\", from \\\"Felicit\u00e0\\\" to \\\"Ci sar\u00e0\\\".\",\"breadcrumb\":{\"@id\":\"https:\/\/www.fortearena.com\/it\/calendario-spettacoli\/al-bano-romina-power-in-concerto\/#breadcrumb\"},\"inLanguage\":\"it-IT\",\"potentialAction\":[{\"@type\":\"ReadAction\",\"target\":[\"https:\/\/www.fortearena.com\/it\/calendario-spettacoli\/al-bano-romina-power-in-concerto\/\"]}]},{\"@type\":\"ImageObject\",\"inLanguage\":\"it-IT\",\"@id\":\"https:\/\/www.fortearena.com\/it\/calendario-spettacoli\/al-bano-romina-power-in-concerto\/#primaryimage\",\"url\":\"https:\/\/www.fortearena.com\/wp-content\/uploads\/2016\/12\/Forte-arena-events_2017_al-bano_romina-power_thumb-1.jpg\",\"contentUrl\":\"https:\/\/www.fortearena.com\/wp-content\/uploads\/2016\/12\/Forte-arena-events_2017_al-bano_romina-power_thumb-1.jpg\",\"width\":600,\"height\":600},{\"@type\":\"BreadcrumbList\",\"@id\":\"https:\/\/www.fortearena.com\/it\/calendario-spettacoli\/al-bano-romina-power-in-concerto\/#breadcrumb\",\"itemListElement\":[{\"@type\":\"ListItem\",\"position\":1,\"name\":\"Home\",\"item\":\"https:\/\/www.fortearena.com\/it\/benvenuti\/\"},{\"@type\":\"ListItem\",\"position\":2,\"name\":\"Shop\",\"item\":\"https:\/\/www.fortearena.com\/?page_id=40\"},{\"@type\":\"ListItem\",\"position\":3,\"name\":\"Al Bano and Romina Power\"}]},{\"@type\":\"WebSite\",\"@id\":\"https:\/\/www.fortearena.com\/it\/#website\",\"url\":\"https:\/\/www.fortearena.com\/it\/\",\"name\":\"Forte Arena\",\"description\":\"Where culture meets entertainment\",\"potentialAction\":[{\"@type\":\"SearchAction\",\"target\":{\"@type\":\"EntryPoint\",\"urlTemplate\":\"https:\/\/www.fortearena.com\/it\/?s={search_term_string}\"},\"query-input\":\"required name=search_term_string\"}],\"inLanguage\":\"it-IT\"}]}<\/script>\n<!-- \/ Yoast SEO plugin. -->","yoast_head_json":{"title":"Al Bano and Romina Power - Forte Arena","description":"The most famous couple of Italian song together again back on stage. The emotion is as strong as the largest \"San Remo\", from \"Felicit\u00e0\" to \"Ci sar\u00e0\".","robots":{"index":"index","follow":"follow","max-snippet":"max-snippet:-1","max-image-preview":"max-image-preview:large","max-video-preview":"max-video-preview:-1"},"canonical":"https:\/\/www.fortearena.com\/it\/calendario-spettacoli\/al-bano-romina-power-in-concerto\/","og_locale":"it_IT","og_type":"article","og_title":"Al Bano and Romina Power - Forte Arena","og_description":"The most famous couple of Italian song together again back on stage. The emotion is as strong as the largest \"San Remo\", from \"Felicit\u00e0\" to \"Ci sar\u00e0\".","og_url":"https:\/\/www.fortearena.com\/it\/calendario-spettacoli\/al-bano-romina-power-in-concerto\/","og_site_name":"Forte Arena","article_modified_time":"2017-03-10T16:51:29+00:00","og_image":[{"width":600,"height":600,"url":"http:\/\/www.fortearena.com\/wp-content\/uploads\/2016\/12\/Forte-arena-events_2017_al-bano_romina-power_thumb-1.jpg","type":"image\/jpeg"}],"twitter_card":"summary_large_image","twitter_misc":{"Est. reading time":"5 minutes"},"schema":{"@context":"https:\/\/schema.org","@graph":[{"@type":"WebPage","@id":"https:\/\/www.fortearena.com\/it\/calendario-spettacoli\/al-bano-romina-power-in-concerto\/","url":"https:\/\/www.fortearena.com\/it\/calendario-spettacoli\/al-bano-romina-power-in-concerto\/","name":"Al Bano and Romina Power - Forte Arena","isPartOf":{"@id":"https:\/\/www.fortearena.com\/it\/#website"},"primaryImageOfPage":{"@id":"https:\/\/www.fortearena.com\/it\/calendario-spettacoli\/al-bano-romina-power-in-concerto\/#primaryimage"},"image":{"@id":"https:\/\/www.fortearena.com\/it\/calendario-spettacoli\/al-bano-romina-power-in-concerto\/#primaryimage"},"thumbnailUrl":"https:\/\/www.fortearena.com\/wp-content\/uploads\/2016\/12\/Forte-arena-events_2017_al-bano_romina-power_thumb-1.jpg","datePublished":"2016-12-19T15:29:04+00:00","dateModified":"2017-03-10T16:51:29+00:00","description":"The most famous couple of Italian song together again back on stage. The emotion is as strong as the largest \"San Remo\", from \"Felicit\u00e0\" to \"Ci sar\u00e0\".","breadcrumb":{"@id":"https:\/\/www.fortearena.com\/it\/calendario-spettacoli\/al-bano-romina-power-in-concerto\/#breadcrumb"},"inLanguage":"it-IT","potentialAction":[{"@type":"ReadAction","target":["https:\/\/www.fortearena.com\/it\/calendario-spettacoli\/al-bano-romina-power-in-concerto\/"]}]},{"@type":"ImageObject","inLanguage":"it-IT","@id":"https:\/\/www.fortearena.com\/it\/calendario-spettacoli\/al-bano-romina-power-in-concerto\/#primaryimage","url":"https:\/\/www.fortearena.com\/wp-content\/uploads\/2016\/12\/Forte-arena-events_2017_al-bano_romina-power_thumb-1.jpg","contentUrl":"https:\/\/www.fortearena.com\/wp-content\/uploads\/2016\/12\/Forte-arena-events_2017_al-bano_romina-power_thumb-1.jpg","width":600,"height":600},{"@type":"BreadcrumbList","@id":"https:\/\/www.fortearena.com\/it\/calendario-spettacoli\/al-bano-romina-power-in-concerto\/#breadcrumb","itemListElement":[{"@type":"ListItem","position":1,"name":"Home","item":"https:\/\/www.fortearena.com\/it\/benvenuti\/"},{"@type":"ListItem","position":2,"name":"Shop","item":"https:\/\/www.fortearena.com\/?page_id=40"},{"@type":"ListItem","position":3,"name":"Al Bano and Romina Power"}]},{"@type":"WebSite","@id":"https:\/\/www.fortearena.com\/it\/#website","url":"https:\/\/www.fortearena.com\/it\/","name":"Forte Arena","description":"Where culture meets entertainment","potentialAction":[{"@type":"SearchAction","target":{"@type":"EntryPoint","urlTemplate":"https:\/\/www.fortearena.com\/it\/?s={search_term_string}"},"query-input":"required name=search_term_string"}],"inLanguage":"it-IT"}]}},"_links":{"self":[{"href":"https:\/\/www.fortearena.com\/it\/wp-json\/wp\/v2\/product\/2735"}],"collection":[{"href":"https:\/\/www.fortearena.com\/it\/wp-json\/wp\/v2\/product"}],"about":[{"href":"https:\/\/www.fortearena.com\/it\/wp-json\/wp\/v2\/types\/product"}],"replies":[{"embeddable":true,"href":"https:\/\/www.fortearena.com\/it\/wp-json\/wp\/v2\/comments?post=2735"}],"wp:featuredmedia":[{"embeddable":true,"href":"https:\/\/www.fortearena.com\/it\/wp-json\/wp\/v2\/media\/2789"}],"wp:attachment":[{"href":"https:\/\/www.fortearena.com\/it\/wp-json\/wp\/v2\/media?parent=2735"}],"wp:term":[{"taxonomy":"product_cat","embeddable":true,"href":"https:\/\/www.fortearena.com\/it\/wp-json\/wp\/v2\/product_cat?post=2735"},{"taxonomy":"product_tag","embeddable":true,"href":"https:\/\/www.fortearena.com\/it\/wp-json\/wp\/v2\/product_tag?post=2735"}],"curies":[{"name":"wp","href":"https:\/\/api.w.org\/{rel}","templated":true}]}}