{"id":4900,"date":"2023-05-16T10:17:16","date_gmt":"2023-05-16T10:17:16","guid":{"rendered":"https:\/\/www.fortearena.com\/?post_type=product&#038;p=4900"},"modified":"2024-08-20T12:59:45","modified_gmt":"2024-08-20T12:59:45","slug":"tiziano-ferro","status":"publish","type":"product","link":"https:\/\/www.fortearena.com\/it\/calendario-spettacoli\/tiziano-ferro\/","title":{"rendered":"Tiziano Ferro"},"content":{"rendered":"<div id='full_slider_1'  class='avia-fullwidth-slider main_color avia-shadow   avia-builder-el-0  el_before_av_submenu  avia-builder-el-first   container_wrap sidebar_right' style=' '  ><div   data-size='featured'  data-lightbox_size='large'  data-animation='fade'  data-conditional_play=''  data-ids='4904'  data-video_counter='0'  data-autoplay='true'  data-bg_slider='false'  data-slide_height=''  data-handle='av_slideshow_full'  data-interval='5'  data-class=' '  data-el_id=''  data-css_id=''  data-scroll_down=''  data-control_layout='av-control-minimal'  data-custom_markup=''  data-perma_caption=''  data-autoplay_stopper=''  data-image_attachment=''  data-min_height='0px'  data-src=''  data-position='top left'  data-repeat='no-repeat'  data-attach='scroll'  data-stretch=''  data-default-height='28.666666666667'  class='avia-slideshow avia-slideshow-1  av-control-minimal av-default-height-applied avia-slideshow-featured av_slideshow_full   avia-fade-slider '  itemprop=\"image\" itemscope=\"itemscope\" itemtype=\"https:\/\/schema.org\/ImageObject\" ><ul class='avia-slideshow-inner ' style='padding-bottom: 63.142437591777%;' ><li  class=' av-single-slide slide-1 ' ><div data-rel='slideshow-1' class='avia-slide-wrap '   ><img src='https:\/\/www.fortearena.com\/wp-content\/uploads\/2023\/05\/cagliari-p-tiziano-ferro-681x430.jpg' width='681' height='430' title='cagliari-p-tiziano-ferro' alt=''  itemprop=\"thumbnailUrl\"   \/><\/div><\/li><\/ul><\/div><\/div>\n<div class='clear'><\/div><div id='sub_menu1'  class='av-submenu-container main_color  avia-builder-el-1  el_after_av_slideshow_full  el_before_av_layout_row  av-sticky-submenu  submenu-not-first container_wrap sidebar_right' style='  z-index:301' ><div class='container av-menu-mobile-disabled '><ul id='av-custom-submenu-1' class='av-subnav-menu av-submenu-pos-center'>\n<li class='menu-item menu-item-top-level  menu-item-top-level-1'><a href='#Location' ><span class='avia-bullet'><\/span><span class='avia-menu-text'>Location<\/span><\/a><\/li>\n<\/ul><\/div><\/div><div class='sticky_placeholder'><\/div>\n<div id='av-layout-grid-1'  class='av-layout-grid-container entry-content-wrapper main_color av-flex-cells     avia-builder-el-2  el_after_av_submenu  el_before_av_layout_row  submenu-not-first container_wrap sidebar_right' style=' '  >\n<div class=\"flex_cell no_margin av_one_half  avia-builder-el-3  el_before_av_cell_one_half  avia-builder-el-first   \"  style='vertical-align:top; padding:30px; ' ><div class='flex_cell_inner' ><p><div class=\"flex_column av_one_half  flex_column_div av-zero-column-padding first  avia-builder-el-4  el_before_av_one_half  avia-builder-el-first  \" style='border-radius:0px; '><div  class='avia-icon-list-container   avia-builder-el-5  avia-builder-el-no-sibling '><ul class='avia-icon-list avia-icon-list-left av-iconlist-big avia_animate_when_almost_visible avia-iconlist-animate'>\n<li><div  class='iconlist_icon  avia-font-entypo-fontello'><span class='iconlist-char ' aria-hidden='true' data-av_icon='\ue862' data-av_iconfont='entypo-fontello'><\/span><\/div><article class=\"article-icon-entry \"  itemscope=\"itemscope\" itemtype=\"https:\/\/schema.org\/CreativeWork\" ><div class='iconlist_content_wrap'><header class=\"entry-content-header\"><h4 class='av_iconlist_title iconlist_title   '  itemprop=\"headline\"  >Data<\/h4><\/header><div class='iconlist_content  '  itemprop=\"text\"  ><p>16 luglio 2023<\/p>\n<p>21:30<\/p>\n<\/div><\/div><footer class=\"entry-footer\"><\/footer><\/article><div class='iconlist-timeline'><\/div><\/li>\n<li><div  class='iconlist_icon  avia-font-entypo-fontello'><span class='iconlist-char ' aria-hidden='true' data-av_icon='\ue844' data-av_iconfont='entypo-fontello'><\/span><\/div><article class=\"article-icon-entry \"  itemscope=\"itemscope\" itemtype=\"https:\/\/schema.org\/CreativeWork\" ><div class='iconlist_content_wrap'><header class=\"entry-content-header\"><h4 class='av_iconlist_title iconlist_title   '  itemprop=\"headline\"  >Location<\/h4><\/header><div class='iconlist_content  '  itemprop=\"text\"  ><p>Forte Arena,<\/p>\n<p>Strada Statale 195, Km 39,<\/p>\n<p>09010 Pula, Italy<\/p>\n<\/div><\/div><footer class=\"entry-footer\"><\/footer><\/article><div class='iconlist-timeline'><\/div><\/li>\n<\/ul><\/div><\/div><div class=\"flex_column av_one_half  flex_column_div av-zero-column-padding   avia-builder-el-6  el_after_av_one_half  avia-builder-el-last  \" style='border-radius:0px; '><div  class='avia-icon-list-container   avia-builder-el-7  avia-builder-el-no-sibling '><ul class='avia-icon-list avia-icon-list-left av-iconlist-big avia_animate_when_almost_visible avia-iconlist-animate'>\n<li><div  class='iconlist_icon  avia-font-entypo-fontello'><span class='iconlist-char ' aria-hidden='true' data-av_icon='\ue8cb' data-av_iconfont='entypo-fontello'><\/span><\/div><article class=\"article-icon-entry av-iconlist-empty\"  itemscope=\"itemscope\" itemtype=\"https:\/\/schema.org\/CreativeWork\" ><div class='iconlist_content_wrap'><header class=\"entry-content-header\"><h4 class='av_iconlist_title iconlist_title   '  itemprop=\"headline\"  >Biglietti disponibili<\/h4><\/header><div class='iconlist_content  '  itemprop=\"text\"  ><\/div><\/div><footer class=\"entry-footer\"><\/footer><\/article><div class='iconlist-timeline'><\/div><\/li>\n<\/ul><\/div><\/div><\/p>\n<\/div><\/div><div class=\"flex_cell no_margin av_one_half  avia-builder-el-8  el_after_av_cell_one_half  avia-builder-el-last   \"  style='vertical-align:top; padding:30px; ' ><div class='flex_cell_inner' ><p><section class=\"av_textblock_section \"  itemscope=\"itemscope\" itemtype=\"https:\/\/schema.org\/CreativeWork\" ><div class='avia_textblock  '   itemprop=\"text\" ><p>Tiziano Ferro si esibir\u00e0 in concerto alla Forte Arena domenica 16 luglio 2023. Questo straordinario evento \u00e8 stato curato personalmente dall&#8217;artista appositamente per il teatro all&#8217;aperto situato nella splendida cornice di Santa Margherita di Pula.<\/p>\n<p>Il tanto atteso tour &#8220;TZN 2023&#8221;, organizzato da Live Nation, far\u00e0 tappa nelle principali citt\u00e0 italiane, promettendo uno spettacolo entusiasmante che affasciner\u00e0 il pubblico e attirer\u00e0 una folla immensa, proprio come accaduto sei anni fa.<\/p>\n<p>I biglietti sono disponibili sia online che presso il BoxOffice Sardegna in Viale Regina Margherita.<\/p>\n<\/div><\/section><br \/>\n<div class=\"flex_column av_one_fourth  flex_column_div av-zero-column-padding first  avia-builder-el-10  el_after_av_textblock  el_before_av_one_fourth  column-top-margin\" style='border-radius:0px; '><div  class='avia-button-wrap avia-button-center  avia-builder-el-11  avia-builder-el-no-sibling ' ><a href='https:\/\/www.ticketone.it\/event\/tiziano-ferro-forte-arena-17026600\/'  class='avia-button   avia-icon_select-yes-left-icon avia-color-orange avia-size-medium avia-position-center '   ><span class='avia_button_icon avia_button_icon_left ' aria-hidden='true' data-av_icon='\ue800' data-av_iconfont='entypo-fontello'><\/span><span class='avia_iconbox_title' >Acquista i biglietti su Ticktone!<\/span><\/a><\/div><\/div><div class=\"flex_column av_one_fourth  flex_column_div av-zero-column-padding   avia-builder-el-12  el_after_av_one_fourth  el_before_av_one_fourth  column-top-margin\" style='border-radius:0px; '><div  class='avia-button-wrap avia-button-center  avia-builder-el-13  avia-builder-el-no-sibling ' ><a href='https:\/\/shop.ticketmaster.it\/biglietti\/acquista-biglietti-tiziano-ferro-forte-arena-2023-16-luglio-2023-forte-arena-santa-margherita-di-pula-6285.html'  class='avia-button   avia-icon_select-yes-left-icon avia-color-custom avia-size-medium avia-position-center '  style='background-color:#0041e8; border-color:#0041e8; color:#ffffff; ' ><span class='avia_button_icon avia_button_icon_left ' aria-hidden='true' data-av_icon='\ue800' data-av_iconfont='entypo-fontello'><\/span><span class='avia_iconbox_title' >Acquista i biglietti su Ticketmaster!<\/span><\/a><\/div><\/div><div class=\"flex_column av_one_fourth  flex_column_div av-zero-column-padding   avia-builder-el-14  el_after_av_one_fourth  el_before_av_one_fourth  column-top-margin\" style='border-radius:0px; '><div  class='avia-button-wrap avia-button-center  avia-builder-el-15  avia-builder-el-no-sibling ' ><a href='https:\/\/www.vivaticket.com\/it\/ticket\/tiziano-ferro\/207444'  class='avia-button   avia-icon_select-yes-left-icon avia-color-theme-color avia-size-medium avia-position-center '   ><span class='avia_button_icon avia_button_icon_left ' aria-hidden='true' data-av_icon='\ue800' data-av_iconfont='entypo-fontello'><\/span><span class='avia_iconbox_title' >Acquista i biglietti su Vivaticket!<\/span><\/a><\/div><\/div><div class=\"flex_column av_one_fourth  flex_column_div av-zero-column-padding   avia-builder-el-16  el_after_av_one_fourth  avia-builder-el-last  column-top-margin\" style='border-radius:0px; '><div  class='avia-button-wrap avia-button-center  avia-builder-el-17  avia-builder-el-no-sibling ' ><a href='https:\/\/www.boxol.it\/BoxofficeSardegna\/it\/event\/tiziano-ferro-forte-arena-teatro-sotto-le-stelle-santa-margherita-di-pula\/453942'  class='avia-button   avia-icon_select-yes-left-icon avia-color-aqua avia-size-medium avia-position-center '   ><span class='avia_button_icon avia_button_icon_left ' aria-hidden='true' data-av_icon='\ue800' data-av_iconfont='entypo-fontello'><\/span><span class='avia_iconbox_title' >Acquista i biglietti su Box Office!<\/span><\/a><\/div><\/div><\/p>\n<\/div><\/div><\/div><div id='av-layout-grid-2'  class='av-layout-grid-container entry-content-wrapper main_color av-flex-cells     avia-builder-el-18  el_after_av_layout_row  avia-builder-el-last  submenu-not-first container_wrap sidebar_right' style=' '  >\n<div class=\"flex_cell no_margin av_one_full  avia-builder-el-19  avia-builder-el-no-sibling   \" ><div class='flex_cell_inner' >\n<\/div><\/div>\n<\/div><\/p>\n","protected":false},"excerpt":{"rendered":"<p>16 luglio 2023<\/p>\n<p>21:30<\/p>\n","protected":false},"featured_media":5008,"comment_status":"closed","ping_status":"closed","template":"","meta":[],"product_cat":[145,156],"product_tag":[],"class_list":{"0":"post-4900","1":"product","2":"type-product","3":"status-publish","4":"has-post-thumbnail","6":"product_cat-145","7":"product_cat-past-event-it","9":"first","10":"instock","11":"shipping-taxable","12":"product-type-simple"},"yoast_head":"<!-- This site is optimized with the Yoast SEO plugin v23.0 - https:\/\/yoast.com\/wordpress\/plugins\/seo\/ -->\n<title>Tiziano Ferro - Forte Arena<\/title>\n<meta name=\"description\" content=\"Tiziano Ferro torner\u00e0\u00a0\u00a0sul palco con un tour straordinario della durata di un anno e far\u00e0 tappa nei teatri e nei palazzetti di tutta Italia\" \/>\n<meta name=\"robots\" content=\"index, follow, max-snippet:-1, max-image-preview:large, max-video-preview:-1\" \/>\n<link rel=\"canonical\" href=\"https:\/\/www.fortearena.com\/it\/calendario-spettacoli\/tiziano-ferro\/\" \/>\n<meta property=\"og:locale\" content=\"it_IT\" \/>\n<meta property=\"og:type\" content=\"article\" \/>\n<meta property=\"og:title\" content=\"Tiziano Ferro - Forte Arena\" \/>\n<meta property=\"og:description\" content=\"Tiziano Ferro torner\u00e0\u00a0\u00a0sul palco con un tour straordinario della durata di un anno e far\u00e0 tappa nei teatri e nei palazzetti di tutta Italia\" \/>\n<meta property=\"og:url\" content=\"https:\/\/www.fortearena.com\/it\/calendario-spettacoli\/tiziano-ferro\/\" \/>\n<meta property=\"og:site_name\" content=\"Forte Arena\" \/>\n<meta property=\"article:modified_time\" content=\"2024-08-20T12:59:45+00:00\" \/>\n<meta property=\"og:image\" content=\"http:\/\/www.fortearena.com\/wp-content\/uploads\/2023\/05\/tiziano-ferro-sito-fv.png\" \/>\n\t<meta property=\"og:image:width\" content=\"362\" \/>\n\t<meta property=\"og:image:height\" content=\"371\" \/>\n\t<meta property=\"og:image:type\" content=\"image\/png\" \/>\n<meta name=\"twitter:card\" content=\"summary_large_image\" \/>\n<meta name=\"twitter:label1\" content=\"Est. reading time\" \/>\n\t<meta name=\"twitter:data1\" content=\"7 minutes\" \/>\n<script type=\"application\/ld+json\" class=\"yoast-schema-graph\">{\"@context\":\"https:\/\/schema.org\",\"@graph\":[{\"@type\":\"WebPage\",\"@id\":\"https:\/\/www.fortearena.com\/it\/calendario-spettacoli\/tiziano-ferro\/\",\"url\":\"https:\/\/www.fortearena.com\/it\/calendario-spettacoli\/tiziano-ferro\/\",\"name\":\"Tiziano Ferro - Forte Arena\",\"isPartOf\":{\"@id\":\"https:\/\/www.fortearena.com\/it\/#website\"},\"primaryImageOfPage\":{\"@id\":\"https:\/\/www.fortearena.com\/it\/calendario-spettacoli\/tiziano-ferro\/#primaryimage\"},\"image\":{\"@id\":\"https:\/\/www.fortearena.com\/it\/calendario-spettacoli\/tiziano-ferro\/#primaryimage\"},\"thumbnailUrl\":\"https:\/\/www.fortearena.com\/wp-content\/uploads\/2023\/05\/tiziano-ferro-sito-fv.png\",\"datePublished\":\"2023-05-16T10:17:16+00:00\",\"dateModified\":\"2024-08-20T12:59:45+00:00\",\"description\":\"Tiziano Ferro torner\u00e0\u00a0\u00a0sul palco con un tour straordinario della durata di un anno e far\u00e0 tappa nei teatri e nei palazzetti di tutta Italia\",\"breadcrumb\":{\"@id\":\"https:\/\/www.fortearena.com\/it\/calendario-spettacoli\/tiziano-ferro\/#breadcrumb\"},\"inLanguage\":\"it-IT\",\"potentialAction\":[{\"@type\":\"ReadAction\",\"target\":[\"https:\/\/www.fortearena.com\/it\/calendario-spettacoli\/tiziano-ferro\/\"]}]},{\"@type\":\"ImageObject\",\"inLanguage\":\"it-IT\",\"@id\":\"https:\/\/www.fortearena.com\/it\/calendario-spettacoli\/tiziano-ferro\/#primaryimage\",\"url\":\"https:\/\/www.fortearena.com\/wp-content\/uploads\/2023\/05\/tiziano-ferro-sito-fv.png\",\"contentUrl\":\"https:\/\/www.fortearena.com\/wp-content\/uploads\/2023\/05\/tiziano-ferro-sito-fv.png\",\"width\":362,\"height\":371},{\"@type\":\"BreadcrumbList\",\"@id\":\"https:\/\/www.fortearena.com\/it\/calendario-spettacoli\/tiziano-ferro\/#breadcrumb\",\"itemListElement\":[{\"@type\":\"ListItem\",\"position\":1,\"name\":\"Home\",\"item\":\"https:\/\/www.fortearena.com\/it\/benvenuti\/\"},{\"@type\":\"ListItem\",\"position\":2,\"name\":\"Shop\",\"item\":\"https:\/\/www.fortearena.com\/?page_id=40\"},{\"@type\":\"ListItem\",\"position\":3,\"name\":\"Tiziano Ferro\"}]},{\"@type\":\"WebSite\",\"@id\":\"https:\/\/www.fortearena.com\/it\/#website\",\"url\":\"https:\/\/www.fortearena.com\/it\/\",\"name\":\"Forte Arena\",\"description\":\"Where culture meets entertainment\",\"potentialAction\":[{\"@type\":\"SearchAction\",\"target\":{\"@type\":\"EntryPoint\",\"urlTemplate\":\"https:\/\/www.fortearena.com\/it\/?s={search_term_string}\"},\"query-input\":\"required name=search_term_string\"}],\"inLanguage\":\"it-IT\"}]}<\/script>\n<!-- \/ Yoast SEO plugin. -->","yoast_head_json":{"title":"Tiziano Ferro - Forte Arena","description":"Tiziano Ferro torner\u00e0\u00a0\u00a0sul palco con un tour straordinario della durata di un anno e far\u00e0 tappa nei teatri e nei palazzetti di tutta Italia","robots":{"index":"index","follow":"follow","max-snippet":"max-snippet:-1","max-image-preview":"max-image-preview:large","max-video-preview":"max-video-preview:-1"},"canonical":"https:\/\/www.fortearena.com\/it\/calendario-spettacoli\/tiziano-ferro\/","og_locale":"it_IT","og_type":"article","og_title":"Tiziano Ferro - Forte Arena","og_description":"Tiziano Ferro torner\u00e0\u00a0\u00a0sul palco con un tour straordinario della durata di un anno e far\u00e0 tappa nei teatri e nei palazzetti di tutta Italia","og_url":"https:\/\/www.fortearena.com\/it\/calendario-spettacoli\/tiziano-ferro\/","og_site_name":"Forte Arena","article_modified_time":"2024-08-20T12:59:45+00:00","og_image":[{"width":362,"height":371,"url":"http:\/\/www.fortearena.com\/wp-content\/uploads\/2023\/05\/tiziano-ferro-sito-fv.png","type":"image\/png"}],"twitter_card":"summary_large_image","twitter_misc":{"Est. reading time":"7 minutes"},"schema":{"@context":"https:\/\/schema.org","@graph":[{"@type":"WebPage","@id":"https:\/\/www.fortearena.com\/it\/calendario-spettacoli\/tiziano-ferro\/","url":"https:\/\/www.fortearena.com\/it\/calendario-spettacoli\/tiziano-ferro\/","name":"Tiziano Ferro - Forte Arena","isPartOf":{"@id":"https:\/\/www.fortearena.com\/it\/#website"},"primaryImageOfPage":{"@id":"https:\/\/www.fortearena.com\/it\/calendario-spettacoli\/tiziano-ferro\/#primaryimage"},"image":{"@id":"https:\/\/www.fortearena.com\/it\/calendario-spettacoli\/tiziano-ferro\/#primaryimage"},"thumbnailUrl":"https:\/\/www.fortearena.com\/wp-content\/uploads\/2023\/05\/tiziano-ferro-sito-fv.png","datePublished":"2023-05-16T10:17:16+00:00","dateModified":"2024-08-20T12:59:45+00:00","description":"Tiziano Ferro torner\u00e0\u00a0\u00a0sul palco con un tour straordinario della durata di un anno e far\u00e0 tappa nei teatri e nei palazzetti di tutta Italia","breadcrumb":{"@id":"https:\/\/www.fortearena.com\/it\/calendario-spettacoli\/tiziano-ferro\/#breadcrumb"},"inLanguage":"it-IT","potentialAction":[{"@type":"ReadAction","target":["https:\/\/www.fortearena.com\/it\/calendario-spettacoli\/tiziano-ferro\/"]}]},{"@type":"ImageObject","inLanguage":"it-IT","@id":"https:\/\/www.fortearena.com\/it\/calendario-spettacoli\/tiziano-ferro\/#primaryimage","url":"https:\/\/www.fortearena.com\/wp-content\/uploads\/2023\/05\/tiziano-ferro-sito-fv.png","contentUrl":"https:\/\/www.fortearena.com\/wp-content\/uploads\/2023\/05\/tiziano-ferro-sito-fv.png","width":362,"height":371},{"@type":"BreadcrumbList","@id":"https:\/\/www.fortearena.com\/it\/calendario-spettacoli\/tiziano-ferro\/#breadcrumb","itemListElement":[{"@type":"ListItem","position":1,"name":"Home","item":"https:\/\/www.fortearena.com\/it\/benvenuti\/"},{"@type":"ListItem","position":2,"name":"Shop","item":"https:\/\/www.fortearena.com\/?page_id=40"},{"@type":"ListItem","position":3,"name":"Tiziano Ferro"}]},{"@type":"WebSite","@id":"https:\/\/www.fortearena.com\/it\/#website","url":"https:\/\/www.fortearena.com\/it\/","name":"Forte Arena","description":"Where culture meets entertainment","potentialAction":[{"@type":"SearchAction","target":{"@type":"EntryPoint","urlTemplate":"https:\/\/www.fortearena.com\/it\/?s={search_term_string}"},"query-input":"required name=search_term_string"}],"inLanguage":"it-IT"}]}},"_links":{"self":[{"href":"https:\/\/www.fortearena.com\/it\/wp-json\/wp\/v2\/product\/4900"}],"collection":[{"href":"https:\/\/www.fortearena.com\/it\/wp-json\/wp\/v2\/product"}],"about":[{"href":"https:\/\/www.fortearena.com\/it\/wp-json\/wp\/v2\/types\/product"}],"replies":[{"embeddable":true,"href":"https:\/\/www.fortearena.com\/it\/wp-json\/wp\/v2\/comments?post=4900"}],"wp:featuredmedia":[{"embeddable":true,"href":"https:\/\/www.fortearena.com\/it\/wp-json\/wp\/v2\/media\/5008"}],"wp:attachment":[{"href":"https:\/\/www.fortearena.com\/it\/wp-json\/wp\/v2\/media?parent=4900"}],"wp:term":[{"taxonomy":"product_cat","embeddable":true,"href":"https:\/\/www.fortearena.com\/it\/wp-json\/wp\/v2\/product_cat?post=4900"},{"taxonomy":"product_tag","embeddable":true,"href":"https:\/\/www.fortearena.com\/it\/wp-json\/wp\/v2\/product_tag?post=4900"}],"curies":[{"name":"wp","href":"https:\/\/api.w.org\/{rel}","templated":true}]}}